{"id":1201,"date":"2021-01-21T21:04:06","date_gmt":"2021-01-21T19:04:06","guid":{"rendered":"http:\/\/www.escolamafalda.cat\/politica-de-proteccio-de-dades\/"},"modified":"2021-01-21T21:04:06","modified_gmt":"2021-01-21T19:04:06","slug":"politica-de-proteccio-de-dades","status":"publish","type":"page","link":"https:\/\/www.escolamafalda.cat\/en\/politica-de-proteccio-de-dades\/","title":{"rendered":"Pol\u00edtica de protecci\u00f3 de dades"},"content":{"rendered":"\n<style type=\"text\/css\" data-created_by=\"avia_inline_auto\" id=\"style-css-av-kj757vjf-77ee56b070a403312b8c13e0728c66f1\">\n.avia-section.av-kj757vjf-77ee56b070a403312b8c13e0728c66f1{\nbackground-color:#f6f7fa;\nbackground-image:unset;\n}\n<\/style>\n<div id='av_section_1'  class='avia-section av-kj757vjf-77ee56b070a403312b8c13e0728c66f1 main_color avia-section-default avia-no-border-styling  avia-builder-el-0  el_before_av_one_full  avia-builder-el-first  avia-bg-style-scroll container_wrap sidebar_right'  ><div class='container av-section-cont-open' ><main  role=\"main\" itemprop=\"mainContentOfPage\"  class='template-page content  av-content-small alpha units'><div class='post-entry post-entry-type-page post-entry-1201'><div class='entry-content-wrapper clearfix'>\n\n<style type=\"text\/css\" data-created_by=\"avia_inline_auto\" id=\"style-css-av-kk784jt6-2d000bad5a92c5369a20bc89372bcf34\">\n#top .av-special-heading.av-kk784jt6-2d000bad5a92c5369a20bc89372bcf34{\npadding-bottom:10px;\n}\nbody .av-special-heading.av-kk784jt6-2d000bad5a92c5369a20bc89372bcf34 .av-special-heading-tag .heading-char{\nfont-size:25px;\n}\n.av-special-heading.av-kk784jt6-2d000bad5a92c5369a20bc89372bcf34 .av-subheading{\nfont-size:15px;\n}\n<\/style>\n<div  class='av-special-heading av-kk784jt6-2d000bad5a92c5369a20bc89372bcf34 av-special-heading-h1 blockquote modern-quote  avia-builder-el-1  avia-builder-el-no-sibling '><h1 class='av-special-heading-tag '  itemprop=\"headline\"  >Pol\u00edtica de protecci\u00f3 de dades<\/h1><div class=\"special-heading-border\"><div class=\"special-heading-inner-border\"><\/div><\/div><\/div>\n<\/div><\/div><\/main><!-- close content main element --><\/div><\/div><div id='after_section_1'  class='main_color av_default_container_wrap container_wrap sidebar_right'  ><div class='container av-section-cont-open' ><div class='template-page content  av-content-small alpha units'><div class='post-entry post-entry-type-page post-entry-1201'><div class='entry-content-wrapper clearfix'>\n\n<style type=\"text\/css\" data-created_by=\"avia_inline_auto\" id=\"style-css-av-av_one_full-79ff81c021393065cee878051452f6a6\">\n.flex_column.av-av_one_full-79ff81c021393065cee878051452f6a6{\nborder-radius:0px 0px 0px 0px;\npadding:0px 0px 0px 0px;\n}\n<\/style>\n<div  class='flex_column av-av_one_full-79ff81c021393065cee878051452f6a6 av_one_full  avia-builder-el-2  el_after_av_section  avia-builder-el-no-sibling  first flex_column_div av-zero-column-padding  '     ><section  class='av_textblock_section av-kk8ketyu-1899655ef6c3ba215e20598aab38619d '   itemscope=\"itemscope\" itemtype=\"https:\/\/schema.org\/CreativeWork\" ><div class='avia_textblock'  itemprop=\"text\" ><h2>\u00bfQui\u00e9n es el Responsable del tratamiento de sus datos?<\/h2>\n<p><span style=\"font-weight: 400;\">Identidad: Associaci\u00f3 Pedag\u00f2gica Mafalda<\/span><\/p>\n<p><span style=\"font-weight: 400;\">C.I.F.: <\/span><span style=\"font-weight: 400;\">G64638844<\/span><\/p>\n<p><span style=\"font-weight: 400;\">Dir. Postal: <\/span><span style=\"font-weight: 400;\">Rambla Poblenou 157 08018, Barcelona<\/span><\/p>\n<p><span style=\"font-weight: 400;\">Tel\u00e9fono: 934852447<\/span><\/p>\n<p><span style=\"font-weight: 400;\">Correo elect.: escolainfantilmafalda@gmail.com<\/span><\/p>\n<p><span style=\"font-weight: 400;\">DPD:<\/span><\/p>\n<p><span style=\"font-weight: 400;\">Contacto DPD:<\/span><\/p>\n<p><strong>\u00bfCon qu\u00e9 finalidad tratamos sus datos personales?<\/strong><\/p>\n<p><span style=\"font-weight: 400;\">En Associaci\u00f3 Pedag\u00f2gica Mafalda tratamos la informaci\u00f3n que nos facilitan las personas interesadas con el f\u00edn de:<\/span><\/p>\n<p><span style=\"font-weight: 400;\">Gesti\u00f3n y seguimiento de los alumnos y de las relaciones entre el centro y sus padres o tutores.<\/span><\/p>\n<p><span style=\"font-weight: 400;\">Gesti\u00f3n de los datos personales de los clientes que reciben servicios de la entidad.<\/span><\/p>\n<p><span style=\"font-weight: 400;\">Gesti\u00f3n de los curriculums recibidos en Associaci\u00f3 Pedag\u00f2gica Mafalda para cubrir posibles vacantes en la misma.<\/span><\/p>\n<p><span style=\"font-weight: 400;\">Gesti\u00f3n laboral de Associaci\u00f3 Pedag\u00f2gica Mafalda, la prevenci\u00f3n de riesgos laborales y vigilancia de la salud.<\/span><\/p>\n<p><span style=\"font-weight: 400;\">Gesti\u00f3n de la relaci\u00f3n mantenida con los proveedores de Associaci\u00f3 Pedag\u00f2gica Mafalda.<\/span><\/p>\n<p><span style=\"font-weight: 400;\">Gesti\u00f3n de los datos de usuarios, contactos de correo electr\u00f3nico y de los obtenidos en el formulario de contacto de la p\u00e1gina web.<\/span><\/p>\n<p><span style=\"font-weight: 400;\">Gesti\u00f3n de las im\u00e1genes captadas para la seguridad de las instalaciones de Associaci\u00f3 Pedag\u00f2gica Mafalda.<\/span><\/p>\n<p><strong>\u00bfPor cu\u00e1nto tiempo conservaremos sus datos?<\/strong><\/p>\n<p><span style=\"font-weight: 400;\">Los datos personales proporcionados se conservar\u00e1n mientras se mantenga la relaci\u00f3n existente, no se solicite su supresi\u00f3n por el interesado o en los supuestos en que lo autorice una norma con rango de ley.<\/span><\/p>\n<p><strong>\u00bfCu\u00e1l es la legitimaci\u00f3n para el tratamiento de sus datos?<\/strong><\/p>\n<p><span style=\"font-weight: 400;\">La base legal para el tratamiento de sus datos es la prestaci\u00f3n de servicios en materia de escuela infantil, seg\u00fan los t\u00e9rminos y condiciones contratadas, la gesti\u00f3n de recursos humanos de la entidad, o el cumplimiento de las obligaciones legales vigentes.<\/span><\/p>\n<p><strong>\u00bfA qu\u00e9 destinatarios se comunicar\u00e1n sus datos?<\/strong><\/p>\n<p><span style=\"font-weight: 400;\">Los datos se comunicar\u00e1n para fines administrativos internos, incluido el tratamiento de datos personales de clientes o empleados a administraciones p\u00fablicas para el cumplimiento de la legislaci\u00f3n vigente, o a encargados de tratamiento que nos ofrecen sus servicios de:<\/span><\/p>\n<p><span style=\"font-weight: 400;\">consultor\u00eda en implantaci\u00f3n del RGPD (UE) 2016\/679<\/span><\/p>\n<p><span style=\"font-weight: 400;\">videovigilancia<\/span><\/p>\n<p><span style=\"font-weight: 400;\">prevenci\u00f3n de riesgos laborales y vigilancia de la salud<\/span><\/p>\n<p><span style=\"font-weight: 400;\">asesoramiento Jur\u00eddico<\/span><\/p>\n<p><span style=\"font-weight: 400;\">asesoramiento laboral y tratamiento fiscal-contable<\/span><\/p>\n<p><strong>\u00bfCu\u00e1les son sus derechos cuando nos facilita sus datos?<\/strong><\/p>\n<p><span style=\"font-weight: 400;\">Cualquier persona tiene derecho a obtener confirmaci\u00f3n sobre si en estamos tratando datos personales que les conciernan, o no.<\/span><\/p>\n<p><span style=\"font-weight: 400;\">Las personas interesadas tienen derecho a si acceder a sus datos personales, as\u00ed como a solicitar la rectificaci\u00f3n de los datos inexactos o, en su caso, solicitar su supresi\u00f3n cuando, entre otros motivos, los datos ya no sean necesarios para los fines que fueron recogidos.<\/span><\/p>\n<p><span style=\"font-weight: 400;\">En determinadas circunstancias, los interesados podr\u00e1n solicitar la limitaci\u00f3n del tratamiento de sus datos, en cuyo caso \u00fanicamente los conservaremos para el ejercicio o la defensa de reclamaciones.<\/span><\/p>\n<p><span style=\"font-weight: 400;\">En determinadas circunstancias y por motivos relacionados con su situaci\u00f3n particular, los interesados podr\u00e1n oponerse al tratamiento de sus datos. Associaci\u00f3 Pedag\u00f2gica Mafalda, dejar\u00e1 de tratar los datos, salvo por motivos leg\u00edtimos imperiosos, o el ejercicio o la defensa de posibles reclamaciones.<\/span><\/p>\n<p><strong>\u00bfC\u00f3mo hemos obtenido sus datos?<\/strong><\/p>\n<p><span style=\"font-weight: 400;\">Los datos personales que tratamos en Associaci\u00f3 Pedag\u00f2gica Mafalda proceden de:<\/span><\/p>\n<p><span style=\"font-weight: 400;\">El propio interesado o su representante legal<\/span><\/p>\n<p><span style=\"font-weight: 400;\">Las categor\u00edas de datos que se tratan son:<\/span><\/p>\n<ul>\n<li><span style=\"font-weight: 400;\">Datos de identificaci\u00f3n<\/span><\/li>\n<li><span style=\"font-weight: 400;\">C\u00f3digos o claves de identificaci\u00f3n<\/span><\/li>\n<li><span style=\"font-weight: 400;\">Direcciones postales o electr\u00f3nicas<\/span><\/li>\n<li><span style=\"font-weight: 400;\">Informaci\u00f3n comercial<\/span><\/li>\n<li><span style=\"font-weight: 400;\">Datos econ\u00f3micos<\/span><\/li>\n<li><span style=\"font-weight: 400;\">No se tratan datos especialmente protegidos.<\/span><\/li>\n<\/ul>\n<\/div><\/section><\/div>\n","protected":false},"excerpt":{"rendered":"","protected":false},"author":1,"featured_media":0,"parent":0,"menu_order":0,"comment_status":"closed","ping_status":"closed","template":"","meta":{"footnotes":""},"class_list":["post-1201","page","type-page","status-publish","hentry"],"yoast_head":"<!-- This site is optimized with the Yoast SEO plugin v27.4 - https:\/\/yoast.com\/product\/yoast-seo-wordpress\/ -->\n<title>Pol\u00edtica de protecci\u00f3 de dades - Escola Mafalda<\/title>\n<meta name=\"robots\" content=\"index, follow, max-snippet:-1, max-image-preview:large, max-video-preview:-1\" \/>\n<link rel=\"canonical\" href=\"https:\/\/www.escolamafalda.cat\/en\/politica-de-proteccio-de-dades\/\" \/>\n<meta property=\"og:locale\" content=\"en_US\" \/>\n<meta property=\"og:type\" content=\"article\" \/>\n<meta property=\"og:title\" content=\"Pol\u00edtica de protecci\u00f3 de dades - Escola Mafalda\" \/>\n<meta property=\"og:url\" content=\"https:\/\/www.escolamafalda.cat\/en\/politica-de-proteccio-de-dades\/\" \/>\n<meta property=\"og:site_name\" content=\"Escola Mafalda\" \/>\n<meta name=\"twitter:card\" content=\"summary_large_image\" \/>\n<meta name=\"twitter:label1\" content=\"Est. reading time\" \/>\n\t<meta name=\"twitter:data1\" content=\"5 minutes\" \/>\n<script type=\"application\/ld+json\" class=\"yoast-schema-graph\">{\"@context\":\"https:\\\/\\\/schema.org\",\"@graph\":[{\"@type\":\"WebPage\",\"@id\":\"https:\\\/\\\/www.escolamafalda.cat\\\/en\\\/politica-de-proteccio-de-dades\\\/\",\"url\":\"https:\\\/\\\/www.escolamafalda.cat\\\/en\\\/politica-de-proteccio-de-dades\\\/\",\"name\":\"Pol\u00edtica de protecci\u00f3 de dades - Escola Mafalda\",\"isPartOf\":{\"@id\":\"https:\\\/\\\/www.escolamafalda.cat\\\/en\\\/#website\"},\"datePublished\":\"2021-01-21T19:04:06+00:00\",\"breadcrumb\":{\"@id\":\"https:\\\/\\\/www.escolamafalda.cat\\\/en\\\/politica-de-proteccio-de-dades\\\/#breadcrumb\"},\"inLanguage\":\"en-US\",\"potentialAction\":[{\"@type\":\"ReadAction\",\"target\":[\"https:\\\/\\\/www.escolamafalda.cat\\\/en\\\/politica-de-proteccio-de-dades\\\/\"]}]},{\"@type\":\"BreadcrumbList\",\"@id\":\"https:\\\/\\\/www.escolamafalda.cat\\\/en\\\/politica-de-proteccio-de-dades\\\/#breadcrumb\",\"itemListElement\":[{\"@type\":\"ListItem\",\"position\":1,\"name\":\"Inici\",\"item\":\"https:\\\/\\\/www.escolamafalda.cat\\\/en\\\/\"},{\"@type\":\"ListItem\",\"position\":2,\"name\":\"Pol\u00edtica de protecci\u00f3 de dades\"}]},{\"@type\":\"WebSite\",\"@id\":\"https:\\\/\\\/www.escolamafalda.cat\\\/en\\\/#website\",\"url\":\"https:\\\/\\\/www.escolamafalda.cat\\\/en\\\/\",\"name\":\"Escola Mafalda\",\"description\":\"escola infantil autoritzada pel Departament d\u2019Ensenyament de la Generalitat de Catalunya\",\"potentialAction\":[{\"@type\":\"SearchAction\",\"target\":{\"@type\":\"EntryPoint\",\"urlTemplate\":\"https:\\\/\\\/www.escolamafalda.cat\\\/en\\\/?s={search_term_string}\"},\"query-input\":{\"@type\":\"PropertyValueSpecification\",\"valueRequired\":true,\"valueName\":\"search_term_string\"}}],\"inLanguage\":\"en-US\"}]}<\/script>\n<!-- \/ Yoast SEO plugin. -->","yoast_head_json":{"title":"Pol\u00edtica de protecci\u00f3 de dades - Escola Mafalda","robots":{"index":"index","follow":"follow","max-snippet":"max-snippet:-1","max-image-preview":"max-image-preview:large","max-video-preview":"max-video-preview:-1"},"canonical":"https:\/\/www.escolamafalda.cat\/en\/politica-de-proteccio-de-dades\/","og_locale":"en_US","og_type":"article","og_title":"Pol\u00edtica de protecci\u00f3 de dades - Escola Mafalda","og_url":"https:\/\/www.escolamafalda.cat\/en\/politica-de-proteccio-de-dades\/","og_site_name":"Escola Mafalda","twitter_card":"summary_large_image","twitter_misc":{"Est. reading time":"5 minutes"},"schema":{"@context":"https:\/\/schema.org","@graph":[{"@type":"WebPage","@id":"https:\/\/www.escolamafalda.cat\/en\/politica-de-proteccio-de-dades\/","url":"https:\/\/www.escolamafalda.cat\/en\/politica-de-proteccio-de-dades\/","name":"Pol\u00edtica de protecci\u00f3 de dades - Escola Mafalda","isPartOf":{"@id":"https:\/\/www.escolamafalda.cat\/en\/#website"},"datePublished":"2021-01-21T19:04:06+00:00","breadcrumb":{"@id":"https:\/\/www.escolamafalda.cat\/en\/politica-de-proteccio-de-dades\/#breadcrumb"},"inLanguage":"en-US","potentialAction":[{"@type":"ReadAction","target":["https:\/\/www.escolamafalda.cat\/en\/politica-de-proteccio-de-dades\/"]}]},{"@type":"BreadcrumbList","@id":"https:\/\/www.escolamafalda.cat\/en\/politica-de-proteccio-de-dades\/#breadcrumb","itemListElement":[{"@type":"ListItem","position":1,"name":"Inici","item":"https:\/\/www.escolamafalda.cat\/en\/"},{"@type":"ListItem","position":2,"name":"Pol\u00edtica de protecci\u00f3 de dades"}]},{"@type":"WebSite","@id":"https:\/\/www.escolamafalda.cat\/en\/#website","url":"https:\/\/www.escolamafalda.cat\/en\/","name":"Escola Mafalda","description":"escola infantil autoritzada pel Departament d\u2019Ensenyament de la Generalitat de Catalunya","potentialAction":[{"@type":"SearchAction","target":{"@type":"EntryPoint","urlTemplate":"https:\/\/www.escolamafalda.cat\/en\/?s={search_term_string}"},"query-input":{"@type":"PropertyValueSpecification","valueRequired":true,"valueName":"search_term_string"}}],"inLanguage":"en-US"}]}},"_links":{"self":[{"href":"https:\/\/www.escolamafalda.cat\/en\/wp-json\/wp\/v2\/pages\/1201","targetHints":{"allow":["GET"]}}],"collection":[{"href":"https:\/\/www.escolamafalda.cat\/en\/wp-json\/wp\/v2\/pages"}],"about":[{"href":"https:\/\/www.escolamafalda.cat\/en\/wp-json\/wp\/v2\/types\/page"}],"author":[{"embeddable":true,"href":"https:\/\/www.escolamafalda.cat\/en\/wp-json\/wp\/v2\/users\/1"}],"replies":[{"embeddable":true,"href":"https:\/\/www.escolamafalda.cat\/en\/wp-json\/wp\/v2\/comments?post=1201"}],"version-history":[{"count":0,"href":"https:\/\/www.escolamafalda.cat\/en\/wp-json\/wp\/v2\/pages\/1201\/revisions"}],"wp:attachment":[{"href":"https:\/\/www.escolamafalda.cat\/en\/wp-json\/wp\/v2\/media?parent=1201"}],"curies":[{"name":"wp","href":"https:\/\/api.w.org\/{rel}","templated":true}]}}