{"id":1220,"date":"2020-10-21T21:21:23","date_gmt":"2020-10-21T19:21:23","guid":{"rendered":"http:\/\/www.escolamafalda.cat\/tarifas\/roba-escolar\/"},"modified":"2025-07-10T10:14:00","modified_gmt":"2025-07-10T08:14:00","slug":"roba-escolar","status":"publish","type":"page","link":"https:\/\/www.escolamafalda.cat\/es\/tarifas\/roba-escolar\/","title":{"rendered":"Uniforme escolar"},"content":{"rendered":"\n<style type=\"text\/css\" data-created_by=\"avia_inline_auto\" id=\"style-css-av-kj757vjf-77ee56b070a403312b8c13e0728c66f1\">\n.avia-section.av-kj757vjf-77ee56b070a403312b8c13e0728c66f1{\nbackground-color:#f6f7fa;\nbackground-image:unset;\n}\n<\/style>\n<div id='av_section_1'  class='avia-section av-kj757vjf-77ee56b070a403312b8c13e0728c66f1 main_color avia-section-default avia-no-border-styling  avia-builder-el-0  el_before_av_section  avia-builder-el-first  avia-bg-style-scroll container_wrap sidebar_right'  ><div class='container av-section-cont-open' ><main  role=\"main\" itemprop=\"mainContentOfPage\"  class='template-page content  av-content-small alpha units'><div class='post-entry post-entry-type-page post-entry-1220'><div class='entry-content-wrapper clearfix'>\n\n<style type=\"text\/css\" data-created_by=\"avia_inline_auto\" id=\"style-css-av-ry7y-b0e8ea67864f8e9effaa86001c7e105f\">\n#top .av-special-heading.av-ry7y-b0e8ea67864f8e9effaa86001c7e105f{\npadding-bottom:10px;\n}\nbody .av-special-heading.av-ry7y-b0e8ea67864f8e9effaa86001c7e105f .av-special-heading-tag .heading-char{\nfont-size:25px;\n}\n.av-special-heading.av-ry7y-b0e8ea67864f8e9effaa86001c7e105f .av-subheading{\nfont-size:15px;\n}\n<\/style>\n<div  class='av-special-heading av-ry7y-b0e8ea67864f8e9effaa86001c7e105f av-special-heading-h1 blockquote modern-quote  avia-builder-el-1  el_before_av_textblock  avia-builder-el-first '><h1 class='av-special-heading-tag '  itemprop=\"headline\"  >Uniforme escolar<\/h1><div class=\"special-heading-border\"><div class=\"special-heading-inner-border\"><\/div><\/div><\/div>\n\n<style type=\"text\/css\" data-created_by=\"avia_inline_auto\" id=\"style-css-av-kj7ljxms-90c40f4095b219e93414e8807524d9c7\">\n#top .av_textblock_section.av-kj7ljxms-90c40f4095b219e93414e8807524d9c7 .avia_textblock{\nfont-size:18px;\n}\n<\/style>\n<section  class='av_textblock_section av-kj7ljxms-90c40f4095b219e93414e8807524d9c7 '   itemscope=\"itemscope\" itemtype=\"https:\/\/schema.org\/CreativeWork\" ><div class='avia_textblock'  itemprop=\"text\" ><p>Los alumnos a partir de 1 a\u00f1o deben ir vestidos con el ch\u00e1ndal de la escuela. El uniforme escolar favorece la autonom\u00eda de los alumnos, sobre todo en el momento de hacer el programa f\u00edsico, y tambi\u00e9n a la hora de ir al ba\u00f1o. En las salidas de la escuela, es mucho m\u00e1s f\u00e1cil para ellos encontrarse y tambi\u00e9n facilitar la labor de las maestras.<\/p>\n<\/div><\/section>\n<\/div><\/div><\/main><!-- close content main element --><\/div><\/div><div id='av_section_2'  class='avia-section av-808qu-e8013e2915408885d54099ea2ce5ced0 main_color avia-section-default avia-no-border-styling  avia-builder-el-3  el_after_av_section  el_before_av_postcontent  avia-bg-style-scroll container_wrap sidebar_right'  ><div class='container av-section-cont-open' ><div class='template-page content  av-content-small alpha units'><div class='post-entry post-entry-type-page post-entry-1220'><div class='entry-content-wrapper clearfix'>\n\n<style type=\"text\/css\" data-created_by=\"avia_inline_auto\" id=\"style-css-av-7apri-1e84d1f49f0ab8390f9fd66b5e11014d\">\n.flex_column.av-7apri-1e84d1f49f0ab8390f9fd66b5e11014d{\nborder-radius:0px 0px 0px 0px;\npadding:0px 0px 0px 0px;\n}\n<\/style>\n<div  class='flex_column av-7apri-1e84d1f49f0ab8390f9fd66b5e11014d av_one_full  avia-builder-el-4  el_before_av_heading  avia-builder-el-first  first flex_column_div av-zero-column-padding  '     ><section  class='av_textblock_section av-kj7l3mie-f9020b6e3ef1b1bb1bcfdaa45343cc50 '   itemscope=\"itemscope\" itemtype=\"https:\/\/schema.org\/CreativeWork\" ><div class='avia_textblock'  itemprop=\"text\" ><h2>\u00bfC\u00f3mo hago mi comanda?<\/h2>\n<p>Las familias que deseen comprar la ropa escolar deben enviar un correo electr\u00f3nico a la direcci\u00f3n del centro (escolainfantilmafalda@gmail.com) indicando las prendas que desean y la talla correspondiente. Una vez realizada la reserva, el pago se podr\u00e1 efectuar mediante transferencia bancaria o en efectivo en la secretar\u00eda de la escuela, seg\u00fan prefiera cada familia.<\/p>\n<\/div><\/section><\/div>\n<style type=\"text\/css\" data-created_by=\"avia_inline_auto\" id=\"style-css-av-3i8ki-95fe5850c1023f01b8504f88f7ab73af\">\n#top .av-special-heading.av-3i8ki-95fe5850c1023f01b8504f88f7ab73af{\npadding-bottom:10px;\n}\nbody .av-special-heading.av-3i8ki-95fe5850c1023f01b8504f88f7ab73af .av-special-heading-tag .heading-char{\nfont-size:25px;\n}\n.av-special-heading.av-3i8ki-95fe5850c1023f01b8504f88f7ab73af .av-subheading{\nfont-size:15px;\n}\n<\/style>\n<div  class='av-special-heading av-3i8ki-95fe5850c1023f01b8504f88f7ab73af av-special-heading-h2 blockquote modern-quote  avia-builder-el-6  el_after_av_one_full  el_before_av_one_half '><h2 class='av-special-heading-tag '  itemprop=\"headline\"  >Precios<\/h2><div class=\"special-heading-border\"><div class=\"special-heading-inner-border\"><\/div><\/div><\/div>\n<div class='flex_column_table av-kj7lezs7-a2a223b657c1b2a396bd4b11a268f9be sc-av_one_half av-equal-height-column-flextable'>\n<style type=\"text\/css\" data-created_by=\"avia_inline_auto\" id=\"style-css-av-kj7lezs7-a2a223b657c1b2a396bd4b11a268f9be\">\n.flex_column.av-kj7lezs7-a2a223b657c1b2a396bd4b11a268f9be{\nborder-width:1px;\nborder-color:#f6f7fa;\nborder-style:solid;\nborder-radius:0px 0px 0px 0px;\npadding:24px 24px 24px 24px;\nbackground-color:#f6f7fa;\n}\n<\/style>\n<div  class='flex_column av-kj7lezs7-a2a223b657c1b2a396bd4b11a268f9be av_one_half  avia-builder-el-7  el_after_av_heading  el_before_av_one_half  first flex_column_table_cell av-equal-height-column av-align-top  '     ><p>\n<style type=\"text\/css\" data-created_by=\"avia_inline_auto\" id=\"style-css-av-2h4dq-5fd4ab1d82187de55d7f58b958d803ed\">\n#top .av-special-heading.av-2h4dq-5fd4ab1d82187de55d7f58b958d803ed{\npadding-bottom:10px;\n}\nbody .av-special-heading.av-2h4dq-5fd4ab1d82187de55d7f58b958d803ed .av-special-heading-tag .heading-char{\nfont-size:25px;\n}\n.av-special-heading.av-2h4dq-5fd4ab1d82187de55d7f58b958d803ed .av-subheading{\nfont-size:15px;\n}\n<\/style>\n<div  class='av-special-heading av-2h4dq-5fd4ab1d82187de55d7f58b958d803ed av-special-heading-h3 blockquote modern-quote  avia-builder-el-8  el_before_av_catalogue  avia-builder-el-first '><h3 class='av-special-heading-tag '  itemprop=\"headline\"  >Conjunto verano<\/h3><div class=\"special-heading-border\"><div class=\"special-heading-inner-border\"><\/div><\/div><\/div><br \/>\n<div  class='av-catalogue-container av-kj7ladbe-f0a0870644c2deb4fd9d3a7cf8105fff  avia-builder-el-9  el_after_av_heading  el_before_av_heading '><ul class='av-catalogue-list'>\n<li><div class='av-catalogue-item av-6trt6-86f5f07c5909eb0a45965f0bec3d1c79' ><div class=\"av-catalogue-item-inner\"><div class=\"av-catalogue-title-container\"><div class='av-catalogue-title'>Pantal\u00f3n corto<\/div><div class='av-catalogue-price'>16.57\u20ac<\/div><\/div><div class=\"av-catalogue-content\"><\/div><\/div><\/div><\/li>\n<li><div class='av-catalogue-item av-6ehyq-07f59fada06444fb9dd6e05d16172f26' ><div class=\"av-catalogue-item-inner\"><div class=\"av-catalogue-title-container\"><div class='av-catalogue-title'>Camiseta manga corta<\/div><div class='av-catalogue-price'>20.72\u20ac<\/div><\/div><div class=\"av-catalogue-content\"><\/div><\/div><\/div><\/li>\n<\/ul><\/div><br \/>\n\n<style type=\"text\/css\" data-created_by=\"avia_inline_auto\" id=\"style-css-av-1vxf2-fe512ab47217aeb24601fd50e324445f\">\n#top .av-special-heading.av-1vxf2-fe512ab47217aeb24601fd50e324445f{\npadding-bottom:10px;\n}\nbody .av-special-heading.av-1vxf2-fe512ab47217aeb24601fd50e324445f .av-special-heading-tag .heading-char{\nfont-size:25px;\n}\n.av-special-heading.av-1vxf2-fe512ab47217aeb24601fd50e324445f .av-subheading{\nfont-size:15px;\n}\n<\/style>\n<div  class='av-special-heading av-1vxf2-fe512ab47217aeb24601fd50e324445f av-special-heading-h3 blockquote modern-quote  avia-builder-el-10  el_after_av_catalogue  el_before_av_catalogue '><h3 class='av-special-heading-tag '  itemprop=\"headline\"  >Conjunto de invierno<\/h3><div class=\"special-heading-border\"><div class=\"special-heading-inner-border\"><\/div><\/div><\/div><br \/>\n<div  class='av-catalogue-container av-kj7ladbe-f0a0870644c2deb4fd9d3a7cf8105fff  avia-builder-el-11  el_after_av_heading  el_before_av_heading '><ul class='av-catalogue-list'>\n<li><div class='av-catalogue-item av-jwmy-017fed6e3974acc9555009d9cf437915' ><div class=\"av-catalogue-item-inner\"><div class=\"av-catalogue-title-container\"><div class='av-catalogue-title'>Ch\u00e1ndal entero (sudadera + pantal\u00f3n largo)<\/div><div class='av-catalogue-price'>47.65\u20ac<\/div><\/div><div class=\"av-catalogue-content\"><\/div><\/div><\/div><\/li>\n<li><div class='av-catalogue-item av-4vpti-11d3376f8082bf7ada4b29ece21b3b91' ><div class=\"av-catalogue-item-inner\"><div class=\"av-catalogue-title-container\"><div class='av-catalogue-title'>Camiseta manga larga<\/div><div class='av-catalogue-price'>22.79\u20ac<\/div><\/div><div class=\"av-catalogue-content\"><\/div><\/div><\/div><\/li>\n<li><div class='av-catalogue-item av-lyobyqbg-885fe401c3114bcbda9865e5fb5068d4' ><div class=\"av-catalogue-item-inner\"><div class=\"av-catalogue-title-container\"><div class='av-catalogue-title'>Sudadera<\/div><div class='av-catalogue-price'>26.93\u20ac<\/div><\/div><div class=\"av-catalogue-content\"><\/div><\/div><\/div><\/li>\n<li><div class='av-catalogue-item av-lyobz8co-44a5e4afc6d60d49e88c3dd673d044f8' ><div class=\"av-catalogue-item-inner\"><div class=\"av-catalogue-title-container\"><div class='av-catalogue-title'>Pantal\u00f3n largo<\/div><div class='av-catalogue-price'>20.72\u20ac<\/div><\/div><div class=\"av-catalogue-content\"><\/div><\/div><\/div><\/li>\n<\/ul><\/div><br \/>\n\n<style type=\"text\/css\" data-created_by=\"avia_inline_auto\" id=\"style-css-av-1l122-ca3b0948cf68d49dc2514ce826f814c2\">\n#top .av-special-heading.av-1l122-ca3b0948cf68d49dc2514ce826f814c2{\npadding-bottom:10px;\n}\nbody .av-special-heading.av-1l122-ca3b0948cf68d49dc2514ce826f814c2 .av-special-heading-tag .heading-char{\nfont-size:25px;\n}\n.av-special-heading.av-1l122-ca3b0948cf68d49dc2514ce826f814c2 .av-subheading{\nfont-size:15px;\n}\n<\/style>\n<div  class='av-special-heading av-1l122-ca3b0948cf68d49dc2514ce826f814c2 av-special-heading-h3 blockquote modern-quote  avia-builder-el-12  el_after_av_catalogue  el_before_av_catalogue '><h3 class='av-special-heading-tag '  itemprop=\"headline\"  >Comedor y descanso<\/h3><div class=\"special-heading-border\"><div class=\"special-heading-inner-border\"><\/div><\/div><\/div><br \/>\n<div  class='av-catalogue-container av-kj7ladbe-f0a0870644c2deb4fd9d3a7cf8105fff  avia-builder-el-13  el_after_av_heading  avia-builder-el-last '><ul class='av-catalogue-list'>\n<li><div class='av-catalogue-item av-1p06-67c5966af8987e4a9dbe9b0074a0421e' ><div class=\"av-catalogue-item-inner\"><div class=\"av-catalogue-title-container\"><div class='av-catalogue-title'>3 baberos y colchoneta<\/div><div class='av-catalogue-price'>62.16\u20ac<\/div><\/div><div class=\"av-catalogue-content\"><\/div><\/div><\/div><\/li>\n<li><div class='av-catalogue-item av-45cz6-04117c2cbcebdba1a364e0bd3275ff8d' ><div class=\"av-catalogue-item-inner\"><div class=\"av-catalogue-title-container\"><div class='av-catalogue-title'>3 baberos con la bolsa<\/div><div class='av-catalogue-price'>20.72\u20ac<\/div><\/div><div class=\"av-catalogue-content\"><\/div><\/div><\/div><\/li>\n<\/ul><\/div><\/p><\/div><div class='av-flex-placeholder'><\/div>\n<style type=\"text\/css\" data-created_by=\"avia_inline_auto\" id=\"style-css-av-kj7lfdou-517b8a25d4337057d8d3dca9afd88aee\">\n.flex_column.av-kj7lfdou-517b8a25d4337057d8d3dca9afd88aee{\nborder-width:1px;\nborder-style:solid;\nborder-radius:0px 0px 0px 0px;\npadding:24px 24px 24px 24px;\nbackground-color:#f6f7fa;\n}\n<\/style>\n<div  class='flex_column av-kj7lfdou-517b8a25d4337057d8d3dca9afd88aee av_one_half  avia-builder-el-14  el_after_av_one_half  avia-builder-el-last  flex_column_table_cell av-equal-height-column av-align-top  '     ><p>\n<style type=\"text\/css\" data-created_by=\"avia_inline_auto\" id=\"style-css-av-syby-8d99a9334caed244a80b15b8759fbc95\">\n#top .av-special-heading.av-syby-8d99a9334caed244a80b15b8759fbc95{\npadding-bottom:10px;\n}\nbody .av-special-heading.av-syby-8d99a9334caed244a80b15b8759fbc95 .av-special-heading-tag .heading-char{\nfont-size:25px;\n}\n.av-special-heading.av-syby-8d99a9334caed244a80b15b8759fbc95 .av-subheading{\nfont-size:15px;\n}\n<\/style>\n<div  class='av-special-heading av-syby-8d99a9334caed244a80b15b8759fbc95 av-special-heading-h3 blockquote modern-quote  avia-builder-el-15  el_before_av_catalogue  avia-builder-el-first '><h3 class='av-special-heading-tag '  itemprop=\"headline\"  >Otros<\/h3><div class=\"special-heading-border\"><div class=\"special-heading-inner-border\"><\/div><\/div><\/div><br \/>\n<div  class='av-catalogue-container av-kj7ladbe-f0a0870644c2deb4fd9d3a7cf8105fff  avia-builder-el-16  el_after_av_heading  el_before_av_textblock '><ul class='av-catalogue-list'>\n<li><div class='av-catalogue-item av-39fim-3f5a752f52df40a5cbc2ea9ce3b1a2a1' ><div class=\"av-catalogue-item-inner\"><div class=\"av-catalogue-title-container\"><div class='av-catalogue-title'>Mochila<\/div><div class='av-catalogue-price'>31.08\u20ac<\/div><\/div><div class=\"av-catalogue-content\"><\/div><\/div><\/div><\/li>\n<li><div class='av-catalogue-item av-2okla-7b42b2ad9a5f1adbdc104054f27cf217' ><div class=\"av-catalogue-item-inner\"><div class=\"av-catalogue-title-container\"><div class='av-catalogue-title'>Bata<\/div><div class='av-catalogue-price'>31.08\u20ac<\/div><\/div><div class=\"av-catalogue-content\"><\/div><\/div><\/div><\/li>\n<\/ul><\/div><br \/>\n<section  class='av_textblock_section av-kj7l3mie-f9020b6e3ef1b1bb1bcfdaa45343cc50 '   itemscope=\"itemscope\" itemtype=\"https:\/\/schema.org\/CreativeWork\" ><div class='avia_textblock'  itemprop=\"text\" ><h3><strong>Descuentos<\/strong><\/h3>\n<p>Las familias que compren un conjunto de verano + un conjunto de invierno se beneficiar\u00e1n de un descuento, y el coste de los dos conjuntos ser\u00e1 de 95\u20ac<\/p>\n<\/div><\/section><\/p><\/div><\/div><!--close column table wrapper. Autoclose: 1 -->\n[av_section min_height='50' min_height_pc='25' min_height_px='500px' padding='large' custom_margin='0px' custom_margin_sync='true' color='main_color' background='bg_color' custom_bg='#f6f7fa' background_gradient_color1='' background_gradient_color2='' background_gradient_direction='vertical' src='http:\/\/www.escolamafalda.cat\/wp-content\/uploads\/2020\/12\/p0-1500x630.jpg' attachment='408' attachment_size='featured_large' attach='scroll' position='center center' repeat='stretch' video='' video_ratio='16:9' overlay_enable='aviaTBoverlay_enable' overlay_opacity='0.3' overlay_color='#0a0a0a' overlay_pattern='' overlay_custom_pattern='' shadow='no-border-styling' bottom_border='no-border-styling' bottom_border_diagonal_color='#333333' bottom_border_diagonal_direction='' bottom_border_style='' custom_arrow_bg='' id='' custom_class='wrapper-visita' aria_label='' av_element_hidden_in_editor='0' av_uid='av-khg4uvx3']\n\n[av_one_full first min_height='' vertical_alignment='' space='' row_boxshadow='' row_boxshadow_color='' row_boxshadow_width='10' custom_margin='' margin='0px' mobile_breaking='' border='' border_color='' radius='0px' padding='0px' column_boxshadow='' column_boxshadow_color='' column_boxshadow_width='10' background='bg_color' background_color='' background_gradient_color1='' background_gradient_color2='' background_gradient_direction='vertical' src='' background_position='top left' background_repeat='no-repeat' highlight='' highlight_size='' animation='' link='' linktarget='' link_hover='' title_attr='' alt_attr='' mobile_display='' id='' custom_class='' aria_label='' av_uid='av-e6172']\n\n[av_heading heading='\u00bfQuieres venir a visitar Mafalda?' tag='h2' style='blockquote modern-quote' subheading_active='' show_icon='' icon='ue800' font='' size='' av-desktop-font-size-title='' av-medium-font-size-title='' av-small-font-size-title='' av-mini-font-size-title='' subheading_size='' av-desktop-font-size='' av-medium-font-size='' av-small-font-size='' av-mini-font-size='' icon_size='' av-desktop-font-size-1='' av-medium-font-size-1='' av-small-font-size-1='' av-mini-font-size-1='' color='custom-color-heading' custom_font='#ffffff' subheading_color='' seperator_color='' icon_color='' margin='' margin_sync='true' av-desktop-margin='' av-desktop-margin_sync='true' av-medium-margin='' av-medium-margin_sync='true' av-small-margin='' av-small-margin_sync='true' av-mini-margin='' av-mini-margin_sync='true' headline_padding='' headline_padding_sync='true' av-desktop-headline_padding='' av-desktop-headline_padding_sync='true' av-medium-headline_padding='' av-medium-headline_padding_sync='true' av-small-headline_padding='' av-small-headline_padding_sync='true' av-mini-headline_padding='' av-mini-headline_padding_sync='true' padding='10' av-desktop-padding='' av-medium-padding='' av-small-padding='' av-mini-padding='' icon_padding='10' av-desktop-icon_padding='' av-medium-icon_padding='' av-small-icon_padding='' av-mini-icon_padding='' link='' link_target='' id='' custom_class='' template_class='' av_uid='av-9swk6' sc_version='1.0' admin_preview_bg=''][\/av_heading]\n\n[av_textblock textblock_styling_align='' textblock_styling='' textblock_styling_gap='' textblock_styling_mobile='' size='' av-desktop-font-size='' av-medium-font-size='' av-small-font-size='' av-mini-font-size='' font_color='custom' color='#ffffff' id='' custom_class='' template_class='' av_uid='av-kj76d8v9' sc_version='1.0' admin_preview_bg='']\nDescubre nuestro proyecto educativo y nuestra mirada hacia la infancia.\n[\/av_textblock]\n\n[av_button label='QUIERO PROGRAMAR UNA VISITA' icon_select='no' icon='ue826' font='entypo-fontello' link='page,1196' link_target='' size='medium' position='left' label_display='' title_attr='' size-text='' av-desktop-font-size-text='' av-medium-font-size-text='' av-small-font-size-text='' av-mini-font-size-text='' margin='' margin_sync='true' padding='' padding_sync='true' av-desktop-margin='' av-desktop-margin_sync='true' av-desktop-padding='' av-desktop-padding_sync='true' av-medium-margin='' av-medium-margin_sync='true' av-medium-padding='' av-medium-padding_sync='true' av-small-margin='' av-small-margin_sync='true' av-small-padding='' av-small-padding_sync='true' av-mini-margin='' av-mini-margin_sync='true' av-mini-padding='' av-mini-padding_sync='true' color_options='' color='theme-color' custom_bg='#444444' custom_font='#ffffff' btn_color_bg='theme-color' btn_custom_grad_direction='vertical' btn_custom_grad_1='#000000' btn_custom_grad_2='#ffffff' btn_custom_grad_3='' btn_custom_grad_opacity='0.7' btn_custom_bg='#444444' btn_color_bg_hover='theme-color-highlight' btn_custom_bg_hover='#444444' btn_color_font='theme-color' btn_custom_font='#ffffff' btn_color_font_hover='white' btn_custom_font_hover='#ffffff' border='' border_width='' border_width_sync='true' border_color='' border_radius='' border_radius_sync='true' box_shadow='' box_shadow_style='0px,0px,0px,0px' box_shadow_color='' animation='' animation_duration='' animation_custom_bg_color='' animation_z_index_curtain='100' hover_opacity='' sonar_effect_effect='' sonar_effect_color='' sonar_effect_duration='1' sonar_effect_scale='' sonar_effect_opac='0.5' css_position='' css_position_location=',,,' css_position_z_index='' av-desktop-css_position='' av-desktop-css_position_location=',,,' av-desktop-css_position_z_index='' av-medium-css_position='' av-medium-css_position_location=',,,' av-medium-css_position_z_index='' av-small-css_position='' av-small-css_position_location=',,,' av-small-css_position_z_index='' av-mini-css_position='' av-mini-css_position_location=',,,' av-mini-css_position_z_index='' id='' custom_class='btn' template_class='' av_uid='av-khg4tvbm' sc_version='1.0' admin_preview_bg='']\n\n[\/av_one_full][\/av_section][av_section min_height='' min_height_pc='25' min_height_px='500px' padding='default' custom_margin='0px' custom_margin_sync='true' color='alternate_color' background='bg_color' custom_bg='' background_gradient_color1='' background_gradient_color2='' background_gradient_direction='vertical' src='' attachment='' attachment_size='' attach='scroll' position='top left' repeat='no-repeat' video='' video_ratio='16:9' overlay_opacity='0.5' overlay_color='' overlay_pattern='' overlay_custom_pattern='' shadow='no-border-styling' bottom_border='no-border-styling' bottom_border_diagonal_color='#333333' bottom_border_diagonal_direction='' bottom_border_style='' custom_arrow_bg='' id='' custom_class='' aria_label='' av_element_hidden_in_editor='0' av_uid='av-1hf6ni']\n[av_two_fifth first min_height='' vertical_alignment='' space='' row_boxshadow='' row_boxshadow_color='' row_boxshadow_width='10' custom_margin='' margin='0px' mobile_breaking='' border='' border_color='' radius='0px' padding='0px' column_boxshadow='' column_boxshadow_color='' column_boxshadow_width='10' background='bg_color' background_color='' background_gradient_color1='' background_gradient_color2='' background_gradient_direction='vertical' src='' background_position='top left' background_repeat='no-repeat' highlight='' highlight_size='' animation='' link='' linktarget='' link_hover='' title_attr='' alt_attr='' mobile_display='' id='' custom_class='' aria_label='' av_uid='av-182cvq']\n\n[av_sidebar widget_area='Footer - column1' av_uid='av-bocsu']\n\n[\/av_two_fifth][av_one_fifth min_height='' vertical_alignment='' space='' row_boxshadow='' row_boxshadow_color='' row_boxshadow_width='10' custom_margin='' margin='0px' mobile_breaking='' border='' border_color='' radius='0px' padding='0px' column_boxshadow='' column_boxshadow_color='' column_boxshadow_width='10' background='bg_color' background_color='' background_gradient_color1='' background_gradient_color2='' background_gradient_direction='vertical' src='' background_position='top left' background_repeat='no-repeat' highlight='' highlight_size='' animation='' link='' linktarget='' link_hover='' title_attr='' alt_attr='' mobile_display='' id='' custom_class='' aria_label='' av_uid='av-13svf2']\n\n[av_sidebar widget_area='Footer - column2' av_uid='av-vo9gu']\n\n[\/av_one_fifth][av_one_fifth min_height='' vertical_alignment='' space='' row_boxshadow='' row_boxshadow_color='' row_boxshadow_width='10' custom_margin='' margin='0px' mobile_breaking='' border='' border_color='' radius='0px' padding='0px' column_boxshadow='' column_boxshadow_color='' column_boxshadow_width='10' background='bg_color' background_color='' background_gradient_color1='' background_gradient_color2='' background_gradient_direction='vertical' src='' background_position='top left' background_repeat='no-repeat' highlight='' highlight_size='' animation='' link='' linktarget='' link_hover='' title_attr='' alt_attr='' mobile_display='' id='' custom_class='' aria_label='' av_uid='av-tf2mm']\n\n[av_sidebar widget_area='Footer - column3' av_uid='av-ksp0m']\n\n[\/av_one_fifth][av_one_fifth min_height='' vertical_alignment='' space='' row_boxshadow='' row_boxshadow_color='' row_boxshadow_width='10' custom_margin='' margin='0px' mobile_breaking='' border='' border_color='' radius='0px' padding='0px' column_boxshadow='' column_boxshadow_color='' column_boxshadow_width='10' background='bg_color' background_color='' background_gradient_color1='' background_gradient_color2='' background_gradient_direction='vertical' src='' background_position='top left' background_repeat='no-repeat' highlight='' highlight_size='' animation='' link='' linktarget='' link_hover='' title_attr='' alt_attr='' mobile_display='' id='' custom_class='' aria_label='' av_uid='av-fewxq']\n\n[av_sidebar widget_area='Footer - column4' av_uid='av-8v4ie']\n\n[\/av_one_fifth]\n[\/av_section]\n<\/p>\n","protected":false},"excerpt":{"rendered":"","protected":false},"author":1,"featured_media":0,"parent":1136,"menu_order":2,"comment_status":"closed","ping_status":"closed","template":"","meta":{"footnotes":""},"class_list":["post-1220","page","type-page","status-publish","hentry"],"yoast_head":"<!-- This site is optimized with the Yoast SEO plugin v27.4 - https:\/\/yoast.com\/product\/yoast-seo-wordpress\/ -->\n<title>Uniforme escolar - Escola Mafalda<\/title>\n<meta name=\"robots\" content=\"index, follow, max-snippet:-1, max-image-preview:large, max-video-preview:-1\" \/>\n<link rel=\"canonical\" href=\"https:\/\/www.escolamafalda.cat\/es\/tarifas\/roba-escolar\/\" \/>\n<meta property=\"og:locale\" content=\"es_ES\" \/>\n<meta property=\"og:type\" content=\"article\" \/>\n<meta property=\"og:title\" content=\"Uniforme escolar - Escola Mafalda\" \/>\n<meta property=\"og:url\" content=\"https:\/\/www.escolamafalda.cat\/es\/tarifas\/roba-escolar\/\" \/>\n<meta property=\"og:site_name\" content=\"Escola Mafalda\" \/>\n<meta property=\"article:modified_time\" content=\"2025-07-10T08:14:00+00:00\" \/>\n<meta name=\"twitter:card\" content=\"summary_large_image\" \/>\n<meta name=\"twitter:label1\" content=\"Tiempo de lectura\" \/>\n\t<meta name=\"twitter:data1\" content=\"4 minutos\" \/>\n<script type=\"application\/ld+json\" class=\"yoast-schema-graph\">{\"@context\":\"https:\\\/\\\/schema.org\",\"@graph\":[{\"@type\":\"WebPage\",\"@id\":\"https:\\\/\\\/www.escolamafalda.cat\\\/es\\\/tarifas\\\/roba-escolar\\\/\",\"url\":\"https:\\\/\\\/www.escolamafalda.cat\\\/es\\\/tarifas\\\/roba-escolar\\\/\",\"name\":\"Uniforme escolar - Escola Mafalda\",\"isPartOf\":{\"@id\":\"https:\\\/\\\/www.escolamafalda.cat\\\/es\\\/#website\"},\"datePublished\":\"2020-10-21T19:21:23+00:00\",\"dateModified\":\"2025-07-10T08:14:00+00:00\",\"breadcrumb\":{\"@id\":\"https:\\\/\\\/www.escolamafalda.cat\\\/es\\\/tarifas\\\/roba-escolar\\\/#breadcrumb\"},\"inLanguage\":\"es\",\"potentialAction\":[{\"@type\":\"ReadAction\",\"target\":[\"https:\\\/\\\/www.escolamafalda.cat\\\/es\\\/tarifas\\\/roba-escolar\\\/\"]}]},{\"@type\":\"BreadcrumbList\",\"@id\":\"https:\\\/\\\/www.escolamafalda.cat\\\/es\\\/tarifas\\\/roba-escolar\\\/#breadcrumb\",\"itemListElement\":[{\"@type\":\"ListItem\",\"position\":1,\"name\":\"Inici\",\"item\":\"https:\\\/\\\/www.escolamafalda.cat\\\/es\\\/\"},{\"@type\":\"ListItem\",\"position\":2,\"name\":\"Tarifas\",\"item\":\"https:\\\/\\\/www.escolamafalda.cat\\\/es\\\/tarifas\\\/\"},{\"@type\":\"ListItem\",\"position\":3,\"name\":\"Uniforme escolar\"}]},{\"@type\":\"WebSite\",\"@id\":\"https:\\\/\\\/www.escolamafalda.cat\\\/es\\\/#website\",\"url\":\"https:\\\/\\\/www.escolamafalda.cat\\\/es\\\/\",\"name\":\"Escola Mafalda\",\"description\":\"escola infantil autoritzada pel Departament d\u2019Ensenyament de la Generalitat de Catalunya\",\"potentialAction\":[{\"@type\":\"SearchAction\",\"target\":{\"@type\":\"EntryPoint\",\"urlTemplate\":\"https:\\\/\\\/www.escolamafalda.cat\\\/es\\\/?s={search_term_string}\"},\"query-input\":{\"@type\":\"PropertyValueSpecification\",\"valueRequired\":true,\"valueName\":\"search_term_string\"}}],\"inLanguage\":\"es\"}]}<\/script>\n<!-- \/ Yoast SEO plugin. -->","yoast_head_json":{"title":"Uniforme escolar - Escola Mafalda","robots":{"index":"index","follow":"follow","max-snippet":"max-snippet:-1","max-image-preview":"max-image-preview:large","max-video-preview":"max-video-preview:-1"},"canonical":"https:\/\/www.escolamafalda.cat\/es\/tarifas\/roba-escolar\/","og_locale":"es_ES","og_type":"article","og_title":"Uniforme escolar - Escola Mafalda","og_url":"https:\/\/www.escolamafalda.cat\/es\/tarifas\/roba-escolar\/","og_site_name":"Escola Mafalda","article_modified_time":"2025-07-10T08:14:00+00:00","twitter_card":"summary_large_image","twitter_misc":{"Tiempo de lectura":"4 minutos"},"schema":{"@context":"https:\/\/schema.org","@graph":[{"@type":"WebPage","@id":"https:\/\/www.escolamafalda.cat\/es\/tarifas\/roba-escolar\/","url":"https:\/\/www.escolamafalda.cat\/es\/tarifas\/roba-escolar\/","name":"Uniforme escolar - Escola Mafalda","isPartOf":{"@id":"https:\/\/www.escolamafalda.cat\/es\/#website"},"datePublished":"2020-10-21T19:21:23+00:00","dateModified":"2025-07-10T08:14:00+00:00","breadcrumb":{"@id":"https:\/\/www.escolamafalda.cat\/es\/tarifas\/roba-escolar\/#breadcrumb"},"inLanguage":"es","potentialAction":[{"@type":"ReadAction","target":["https:\/\/www.escolamafalda.cat\/es\/tarifas\/roba-escolar\/"]}]},{"@type":"BreadcrumbList","@id":"https:\/\/www.escolamafalda.cat\/es\/tarifas\/roba-escolar\/#breadcrumb","itemListElement":[{"@type":"ListItem","position":1,"name":"Inici","item":"https:\/\/www.escolamafalda.cat\/es\/"},{"@type":"ListItem","position":2,"name":"Tarifas","item":"https:\/\/www.escolamafalda.cat\/es\/tarifas\/"},{"@type":"ListItem","position":3,"name":"Uniforme escolar"}]},{"@type":"WebSite","@id":"https:\/\/www.escolamafalda.cat\/es\/#website","url":"https:\/\/www.escolamafalda.cat\/es\/","name":"Escola Mafalda","description":"escola infantil autoritzada pel Departament d\u2019Ensenyament de la Generalitat de Catalunya","potentialAction":[{"@type":"SearchAction","target":{"@type":"EntryPoint","urlTemplate":"https:\/\/www.escolamafalda.cat\/es\/?s={search_term_string}"},"query-input":{"@type":"PropertyValueSpecification","valueRequired":true,"valueName":"search_term_string"}}],"inLanguage":"es"}]}},"_links":{"self":[{"href":"https:\/\/www.escolamafalda.cat\/es\/wp-json\/wp\/v2\/pages\/1220","targetHints":{"allow":["GET"]}}],"collection":[{"href":"https:\/\/www.escolamafalda.cat\/es\/wp-json\/wp\/v2\/pages"}],"about":[{"href":"https:\/\/www.escolamafalda.cat\/es\/wp-json\/wp\/v2\/types\/page"}],"author":[{"embeddable":true,"href":"https:\/\/www.escolamafalda.cat\/es\/wp-json\/wp\/v2\/users\/1"}],"replies":[{"embeddable":true,"href":"https:\/\/www.escolamafalda.cat\/es\/wp-json\/wp\/v2\/comments?post=1220"}],"version-history":[{"count":14,"href":"https:\/\/www.escolamafalda.cat\/es\/wp-json\/wp\/v2\/pages\/1220\/revisions"}],"predecessor-version":[{"id":2872,"href":"https:\/\/www.escolamafalda.cat\/es\/wp-json\/wp\/v2\/pages\/1220\/revisions\/2872"}],"up":[{"embeddable":true,"href":"https:\/\/www.escolamafalda.cat\/es\/wp-json\/wp\/v2\/pages\/1136"}],"wp:attachment":[{"href":"https:\/\/www.escolamafalda.cat\/es\/wp-json\/wp\/v2\/media?parent=1220"}],"curies":[{"name":"wp","href":"https:\/\/api.w.org\/{rel}","templated":true}]}}